{"id":1408,"date":"2016-01-19T14:03:09","date_gmt":"2016-01-19T14:03:09","guid":{"rendered":"http:\/\/anpsthemes.com\/construction\/?page_id=1408"},"modified":"2018-05-31T11:55:25","modified_gmt":"2018-05-31T11:55:25","slug":"kurumsal","status":"publish","type":"page","link":"http:\/\/asmelta.com\/tr\/kurumsal\/","title":{"rendered":"Kurumsal"},"content":{"rendered":"<p>[vc_row css=&#8221;.vc_custom_1460122496361{margin-bottom: 30px !important;}&#8221;][vc_column width=&#8221;1\/2&#8243;][vc_custom_heading text=&#8221;HAKKIMIZDA&#8221; use_theme_fonts=&#8221;yes&#8221; el_class=&#8221;title&#8221;][vc_empty_space height=&#8221;20px&#8221;][vc_column_text]ASMELTA, 2006 y\u0131l\u0131nda AR\u015eE Bas\u0131n\u00e7l\u0131 D\u00f6k\u00fcm ve Kal\u0131p Mak. San. ve Tic. Ltd. \u015eti. \u00fcnvan\u0131 ad\u0131 alt\u0131nda faaliyetlerine ba\u015flam\u0131\u015ft\u0131r. K\u0131sa s\u00fcrede m\u00fc\u015fterilerinin g\u00fcvenin kazanan firmam\u0131z, bug\u00fcn s\u0131cak (zamak) ve so\u011fuk (al\u00fcminyum) kamara metal enjeksiyon d\u00f6k\u00fcmleri yapmaya devam etmektedir. Ayr\u0131ca m\u00fc\u015fterilerimizin talepleri do\u011frultusunda, di\u011fer i\u015fleme i\u015flerini kendi b\u00fcnyemizde yapmaktay\u0131z.<\/p>\n<p>Yakla\u015f\u0131k 1000 metrekare kapal\u0131 alanda, 8 d\u00f6k\u00fcm makinesi, i\u015fleme makineleri, kal\u0131p tadilat alan\u0131 ve di\u011fer depo faaliyetlerini y\u00fcr\u00fctt\u00fc\u011f\u00fcm\u00fcz alanlar\u0131m\u0131z bulunmaktad\u0131r. 40 \u00e7al\u0131\u015fan\u0131yla, her g\u00fcn s\u00fcre\u00e7lerini iyile\u015ftirerek, m\u00fc\u015fterilerimizin memnuniyetini sa\u011flayarak, rekabet ortam\u0131nda s\u00fcrd\u00fcrebilir \u00e7\u00f6z\u00fcmler sunmaya devam ediyoruz.[\/vc_column_text][\/vc_column][vc_column width=&#8221;1\/2&#8243;][vc_single_image image=&#8221;2228&#8243; img_size=&#8221;590&#215;394&#8243; style=&#8221;vc_box_shadow_3d&#8221; css_animation=&#8221;fadeIn&#8221;][\/vc_column][vc_column][\/vc_column][\/vc_row][vc_row css=&#8221;.vc_custom_1460122436961{margin-bottom: 50px !important;}&#8221;][vc_column width=&#8221;1\/2&#8243;][vc_custom_heading text=&#8221;M\u0130SYON VE V\u0130ZYON&#8221; use_theme_fonts=&#8221;yes&#8221;][vc_column_text]<b>Misyon<\/b><\/p>\n<p>Kalite y\u00f6netim sistemini t\u00fcm s\u00fcre\u00e7lerimizde benimsemek, m\u00fc\u015fterilerimizin rekabet g\u00fcc\u00fcn\u00fc art\u0131racak kaliteli ve ekonomik \u00e7\u00f6z\u00fcmler sunarak sekt\u00f6r\u00fcn \u00f6nde gelen d\u00f6k\u00fcm tedarik\u00e7isi olmak.<\/p>\n<p><b>Vizyon<\/b><\/p>\n<p>S\u00fcre\u00e7lerimizi s\u00fcrekli geli\u015ftirerek T\u00fcrkiye ve d\u00fcnya pazarlar\u0131nda etkinli\u011fimizi art\u0131rmak, m\u00fc\u015fterilerimizin, tedarik\u00e7ilerimizin ve \u00e7al\u0131\u015fanlar\u0131m\u0131z\u0131n g\u00fcven duydu\u011fu sayg\u0131n bir kurulu\u015f olmak.[\/vc_column_text][\/vc_column][vc_column width=&#8221;1\/2&#8243;][vc_custom_heading text=&#8221;TAR\u0130H\u00c7E&#8221; use_theme_fonts=&#8221;yes&#8221; el_class=&#8221;title&#8221;][vc_empty_space height=&#8221;20px&#8221;]<div class=\"timeline\"><div class=\"timeline-item\"><div class=\"timeline-year\">2006<\/div><div class=\"timeline-content\"><h3 class=\"timeline-title\">Ba\u015flang\u0131\u00e7<\/h3><div class=\"timeline-text\">Firmam\u0131z 100 metrekare bir alanda d\u00f6k\u00fcm faaliyetlerini ba\u015flad\u0131.<\/div><\/div><\/div><div class=\"timeline-item\"><div class=\"timeline-year\">2008<\/div><div class=\"timeline-content\"><h3 class=\"timeline-title\">Kalite Belgesi<\/h3><div class=\"timeline-text\">H\u0131zl\u0131 bir \u015fekilde b\u00fcy\u00fcyen firmam\u0131z, k\u0131sa bir s\u00fcre sonra ISO 9001 belgesini alarak s\u00fcre\u00e7lerini iyile\u015ftirme ad\u0131na b\u00fcy\u00fck bir ad\u0131m atm\u0131\u015f oldu.<\/div><\/div><\/div><div class=\"timeline-item\"><div class=\"timeline-year\">2012<\/div><div class=\"timeline-content\"><h3 class=\"timeline-title\">B\u00fcy\u00fcme<\/h3><div class=\"timeline-text\">\u015eirketimiz makine parkurunu geni\u015fleterek daha \u00e7ok m\u00fc\u015fteriye daha h\u0131zl\u0131 \u00fcretim yapmaya ba\u015flad\u0131. Sekt\u00f6rde tan\u0131nan bir konuma gelen firmam\u0131z, art\u0131k ulusal \u00e7apta m\u00fc\u015fterilerine hizmet vermeye ba\u015flad\u0131.<\/div><\/div><\/div><div class=\"timeline-item\"><div class=\"timeline-year\">2018<\/div><div class=\"timeline-content\"><h3 class=\"timeline-title\">Asmelta<\/h3><div class=\"timeline-text\">\u0130leriye d\u00f6n\u00fck yeni hedefler planlayan, yeni y\u00f6netim anlay\u0131\u015f\u0131yla yola \u00e7\u0131kan firmam\u0131z, yeni markas\u0131 ASMELTA ile hem ulusal pazarda hem de d\u00fcnya pazarlar\u0131nda ad\u0131ndan s\u00f6z ettirmeyi hedefliyor.<\/div><\/div><\/div><\/div>[\/vc_column][\/vc_row]<\/p>\n","protected":false},"excerpt":{"rendered":"<p>[vc_row css=&#8221;.vc_custom_1460122496361{margin-bottom: 30px !important;}&#8221;][vc_column width=&#8221;1\/2&#8243;][vc_custom_heading text=&#8221;HAKKIMIZDA&#8221; use_theme_fonts=&#8221;yes&#8221; el_class=&#8221;title&#8221;][vc_empty_space height=&#8221;20px&#8221;][vc_column_text]ASMELTA, 2006 y\u0131l\u0131nda AR\u015eE Bas\u0131n\u00e7l\u0131 D\u00f6k\u00fcm ve Kal\u0131p Mak. San. ve Tic. Ltd. \u015eti. \u00fcnvan\u0131 ad\u0131 alt\u0131nda faaliyetlerine ba\u015flam\u0131\u015ft\u0131r. K\u0131sa s\u00fcrede m\u00fc\u015fterilerinin g\u00fcvenin kazanan firmam\u0131z, bug\u00fcn s\u0131cak (zamak) ve so\u011fuk (al\u00fcminyum) kamara &hellip;<\/p>\n","protected":false},"author":1,"featured_media":0,"parent":0,"menu_order":0,"comment_status":"closed","ping_status":"closed","template":"","meta":[],"_links":{"self":[{"href":"http:\/\/asmelta.com\/tr\/wp-json\/wp\/v2\/pages\/1408"}],"collection":[{"href":"http:\/\/asmelta.com\/tr\/wp-json\/wp\/v2\/pages"}],"about":[{"href":"http:\/\/asmelta.com\/tr\/wp-json\/wp\/v2\/types\/page"}],"author":[{"embeddable":true,"href":"http:\/\/asmelta.com\/tr\/wp-json\/wp\/v2\/users\/1"}],"replies":[{"embeddable":true,"href":"http:\/\/asmelta.com\/tr\/wp-json\/wp\/v2\/comments?post=1408"}],"version-history":[{"count":22,"href":"http:\/\/asmelta.com\/tr\/wp-json\/wp\/v2\/pages\/1408\/revisions"}],"predecessor-version":[{"id":2334,"href":"http:\/\/asmelta.com\/tr\/wp-json\/wp\/v2\/pages\/1408\/revisions\/2334"}],"wp:attachment":[{"href":"http:\/\/asmelta.com\/tr\/wp-json\/wp\/v2\/media?parent=1408"}],"curies":[{"name":"wp","href":"https:\/\/api.w.org\/{rel}","templated":true}]}}